{"id":284,"date":"2024-02-18T00:46:31","date_gmt":"2024-02-17T23:46:31","guid":{"rendered":"https:\/\/mam.lesrazmockets.fr\/?page_id=284"},"modified":"2024-04-29T03:40:45","modified_gmt":"2024-04-29T01:40:45","slug":"les-liens-utiles-des-razmockets","status":"publish","type":"page","link":"https:\/\/mam.lesrazmockets.fr\/index.php\/les-liens-utiles-des-razmockets\/","title":{"rendered":"Les liens utiles des Razmockets"},"content":{"rendered":"\n<div class=\"wp-block-group alignfull has-global-padding is-layout-constrained wp-container-core-group-is-layout-490fa1db wp-block-group-is-layout-constrained\" style=\"padding-top:var(--wp--preset--spacing--50);padding-right:var(--wp--preset--spacing--50);padding-bottom:var(--wp--preset--spacing--50);padding-left:var(--wp--preset--spacing--50)\">\n<div class=\"wp-block-group has-global-padding is-layout-constrained wp-container-core-group-is-layout-650790e1 wp-block-group-is-layout-constrained\">\n<p class=\"has-text-align-center\">La garde d&rsquo;enfant est un sujet complexe.<\/p>\n\n\n\n<div class=\"wp-block-buttons is-layout-flex wp-block-buttons-is-layout-flex\"><\/div>\n\n\n\n<div class=\"wp-block-buttons is-layout-flex wp-block-buttons-is-layout-flex\"><\/div>\n\n\n\n<p class=\"has-text-align-center\">Ces choses que l&rsquo;on cherche partout, et que l&rsquo;on est content de trouver ici.<\/p>\n\n\n\n<div style=\"height:22px\" aria-hidden=\"true\" class=\"wp-block-spacer\"><\/div>\n\n\n\n<h3 class=\"wp-block-heading has-text-align-center\">Infos de la CAF<\/h3>\n\n\n\n<div style=\"height:20px\" aria-hidden=\"true\" class=\"wp-block-spacer\"><\/div>\n\n\n\n<h6 class=\"wp-block-heading has-text-align-center\">Mes droits ?<\/h6>\n\n\n\n<div style=\"height:20px\" aria-hidden=\"true\" class=\"wp-block-spacer\"><\/div>\n\n\n\n<div class=\"wp-block-buttons is-content-justification-center is-layout-flex wp-container-core-buttons-is-layout-a89b3969 wp-block-buttons-is-layout-flex\">\n<div class=\"wp-block-button\"><a class=\"wp-block-button__link wp-element-button\" href=\"http:\/\/Le compl\u00e9ment de libre choix du mode de garde (Cmg)\" target=\"_blank\" rel=\"noreferrer noopener\">CMG (Compl\u00e9ment de Mode de Garde)<\/a><\/div>\n\n\n\n<div class=\"wp-block-button\"><a class=\"wp-block-button__link wp-element-button\" href=\"https:\/\/caf.fr\/allocataires\/aides-et-demarches\/droits-et-prestations\/vie-personnelle\/les-enfants-en-garde-alternee\" target=\"_blank\" rel=\"noreferrer noopener\">Garde Altern\u00e9e<\/a><\/div>\n\n\n\n<div class=\"wp-block-button\"><a class=\"wp-block-button__link wp-element-button\" href=\"https:\/\/caf.fr\/allocataires\/aides-et-demarches\/thematique-libre\/protection-maternelle-et-infantile-pmi\" target=\"_blank\" rel=\"noreferrer noopener\">PMI<\/a><\/div>\n<\/div>\n\n\n\n<div style=\"height:20px\" aria-hidden=\"true\" class=\"wp-block-spacer\"><\/div>\n\n\n\n<h6 class=\"wp-block-heading has-text-align-center\">Des r\u00e9ponses \u00e0 mes questions ?<\/h6>\n\n\n\n<div style=\"height:20px\" aria-hidden=\"true\" class=\"wp-block-spacer\"><\/div>\n\n\n\n<div class=\"wp-block-buttons is-content-justification-center is-layout-flex wp-container-core-buttons-is-layout-a89b3969 wp-block-buttons-is-layout-flex\">\n<div class=\"wp-block-button\"><a class=\"wp-block-button__link wp-element-button\" href=\"https:\/\/caf.fr\/allocataires\/vies-de-famille\/articles\/les-premiers-jours-chez-la-nounou-une-transition-en-douceur\" target=\"_blank\" rel=\"noreferrer noopener\">Transition ?<\/a><\/div>\n\n\n\n<div class=\"wp-block-button\"><a class=\"wp-block-button__link wp-element-button\" href=\"https:\/\/caf.fr\/allocataires\/vies-de-famille\/articles\/quelles-activites-sportives-pour-les-tout-petits\" target=\"_blank\" rel=\"noreferrer noopener\">Sport ?<\/a><\/div>\n\n\n\n<div class=\"wp-block-button\"><a class=\"wp-block-button__link wp-element-button\" href=\"https:\/\/caf.fr\/allocataires\/vies-de-famille\/articles\/la-lecture-un-eveil-des-sens-pour-les-tout-petits\" target=\"_blank\" rel=\"noreferrer noopener\">Lecture ?<\/a><\/div>\n\n\n\n<div class=\"wp-block-button\"><a class=\"wp-block-button__link wp-element-button\" href=\"https:\/\/caf.fr\/allocataires\/vies-de-famille\/articles\/les-astuces-pour-stimuler-l-eveil-de-bebe\" target=\"_blank\" rel=\"noreferrer noopener\">\u00c9veil ?<\/a><\/div>\n<\/div>\n\n\n\n<div style=\"height:66px\" aria-hidden=\"true\" class=\"wp-block-spacer\"><\/div>\n\n\n\n<h3 class=\"wp-block-heading has-text-align-center\">Mon Assistant Maternel et moi&#8230;<\/h3>\n\n\n\n<div style=\"height:20px\" aria-hidden=\"true\" class=\"wp-block-spacer\"><\/div>\n\n\n\n<div class=\"wp-block-buttons is-content-justification-center is-layout-flex wp-container-core-buttons-is-layout-a89b3969 wp-block-buttons-is-layout-flex\">\n<div class=\"wp-block-button\"><a class=\"wp-block-button__link has-text-align-center wp-element-button\" href=\"https:\/\/www.service-public.fr\/particuliers\/vosdroits\/F8\" target=\"_blank\" rel=\"noreferrer noopener\">Cr\u00e9dit d&rsquo;Imp\u00f4ts<\/a><\/div>\n\n\n\n<div class=\"wp-block-button\"><a class=\"wp-block-button__link wp-element-button\" href=\"https:\/\/www.pajemploi.urssaf.fr\/pajewebinfo\/cms\/sites\/pajewebinfo\/accueil\/simulateurs.html\" target=\"_blank\" rel=\"noreferrer noopener\">Simulateurs<\/a><\/div>\n\n\n\n<div class=\"wp-block-button\"><a class=\"wp-block-button__link has-text-align-center wp-element-button\" href=\"https:\/\/www.pajemploi.urssaf.fr\/pajewebinfo\/cms\/sites\/pajewebinfo\/accueil\/employeur-dassistante-maternelle\/je-remunere-et-je-declare.html\" target=\"_blank\" rel=\"noreferrer noopener\">URSSAF<\/a><\/div>\n\n\n\n<div class=\"wp-block-button\"><a class=\"wp-block-button__link has-text-align-center wp-element-button\" href=\"https:\/\/findecontrat-pajemploi.urssaf.fr\/findecontrat\/\" target=\"_blank\" rel=\"noreferrer noopener\">Fin de Contrat<\/a><\/div>\n<\/div>\n\n\n\n<div style=\"height:20px\" aria-hidden=\"true\" class=\"wp-block-spacer\"><\/div>\n\n\n\n<div style=\"height:20px\" aria-hidden=\"true\" class=\"wp-block-spacer\"><\/div>\n\n\n\n<div class=\"wp-block-buttons is-content-justification-center is-layout-flex wp-container-core-buttons-is-layout-a89b3969 wp-block-buttons-is-layout-flex\">\n<div class=\"wp-block-button\"><a class=\"wp-block-button__link wp-element-button\" href=\"https:\/\/caf.fr\/allocataires\/actualites\/actualites-nationales\/employer-une-assistante-maternelle-ce-n-est-pas-si-complique\" target=\"_blank\" rel=\"noreferrer noopener\">Employer un assistant maternel ?<br>Pas si compliqu\u00e9 !<\/a><\/div>\n\n\n\n<div class=\"wp-block-button\"><a class=\"wp-block-button__link wp-element-button\" href=\"https:\/\/monenfant.fr\/web\/guest\/th%C3%A9matiques?p_p_id=com_liferay_portal_search_web_portlet_SearchPortlet&amp;p_p_lifecycle=0&amp;p_p_state=maximized&amp;p_p_mode=view&amp;_com_liferay_portal_search_web_portlet_SearchPortlet_mvcPath=%2Fview_content.jsp&amp;_com_liferay_portal_search_web_portlet_SearchPortlet_redirect=https%3A%2F%2Fmonenfant.fr%2Fweb%2Fguest%2Fth%25C3%25A9matiques%3Fp_p_id%3Dcom_liferay_portal_search_web_portlet_SearchPortlet%26p_p_lifecycle%3D0%26p_p_state%3Dmaximized%26p_p_mode%3Dview%26_com_liferay_portal_search_web_portlet_SearchPortlet_redirect%3Dhttps%253A%252F%252Fmonenfant.fr%252Fweb%252Fguest%252Fth%2525C3%2525A9matiques%253Fp_p_id%253Dcom_liferay_portal_search_web_portlet_SearchPortlet%2526p_p_lifecycle%253D0%2526p_p_state%253Dnormal%2526p_p_mode%253Dview%26_com_liferay_portal_search_web_portlet_SearchPortlet_mvcPath%3D%252Fsearch.jsp%26_com_liferay_portal_search_web_portlet_SearchPortlet_keywords%3DMAM%26_com_liferay_portal_search_web_portlet_SearchPortlet_formDate%3D1714354395576%26_com_liferay_portal_search_web_portlet_SearchPortlet_scope%3Dthis-site&amp;_com_liferay_portal_search_web_portlet_SearchPortlet_assetEntryId=132785&amp;_com_liferay_portal_search_web_portlet_SearchPortlet_type=content&amp;inheritRedirect=true\" target=\"_blank\" rel=\"noreferrer noopener nofollow\">L&rsquo;Accueil en MAM<br>Th\u00e9matiques &#8211; monenfant.fr<\/a><\/div>\n<\/div>\n<\/div>\n<\/div>\n","protected":false},"excerpt":{"rendered":"<p>La garde d&rsquo;enfant est un sujet complexe. Ces choses que l&rsquo;on cherche partout, et que l&rsquo;on est content de trouver ici. Infos de la CAF Mes droits ? Des r\u00e9ponses \u00e0 mes questions ? Mon Assistant Maternel et moi&#8230;<\/p>\n","protected":false},"author":2,"featured_media":0,"parent":0,"menu_order":0,"comment_status":"closed","ping_status":"closed","template":"","meta":{"footnotes":""},"class_list":["post-284","page","type-page","status-publish","hentry"],"yoast_head":"<!-- This site is optimized with the Yoast SEO plugin v27.4 - https:\/\/yoast.com\/product\/yoast-seo-wordpress\/ -->\n<title>Les liens utiles des Razmockets - MAM Les Razmockets<\/title>\n<meta name=\"description\" content=\"MAM Les Razmockets - Les liens utiles des Razmockets -\" \/>\n<meta name=\"robots\" content=\"index, follow, max-snippet:-1, max-image-preview:large, max-video-preview:-1\" \/>\n<link rel=\"canonical\" href=\"https:\/\/mam.lesrazmockets.fr\/index.php\/les-liens-utiles-des-razmockets\/\" \/>\n<meta property=\"og:locale\" content=\"fr_FR\" \/>\n<meta property=\"og:type\" content=\"article\" \/>\n<meta property=\"og:title\" content=\"Les liens utiles des Razmockets - MAM Les Razmockets\" \/>\n<meta property=\"og:description\" content=\"MAM Les Razmockets - Les liens utiles des Razmockets -\" \/>\n<meta property=\"og:url\" content=\"https:\/\/mam.lesrazmockets.fr\/index.php\/les-liens-utiles-des-razmockets\/\" \/>\n<meta property=\"og:site_name\" content=\"MAM Les Razmockets\" \/>\n<meta property=\"article:publisher\" content=\"https:\/\/www.facebook.com\/mamlesrazmockets\" \/>\n<meta property=\"article:modified_time\" content=\"2024-04-29T01:40:45+00:00\" \/>\n<meta property=\"og:image\" content=\"https:\/\/mam.lesrazmockets.fr\/wp-content\/uploads\/2024\/02\/cropped-LOGO-RAZMOCKETS-1-edited.jpg\" \/>\n\t<meta property=\"og:image:width\" content=\"512\" \/>\n\t<meta property=\"og:image:height\" content=\"341\" \/>\n\t<meta property=\"og:image:type\" content=\"image\/jpeg\" \/>\n<meta name=\"twitter:card\" content=\"summary_large_image\" \/>\n<meta name=\"twitter:label1\" content=\"Dur\u00e9e de lecture estim\u00e9e\" \/>\n\t<meta name=\"twitter:data1\" content=\"1 minute\" \/>\n<script type=\"application\/ld+json\" class=\"yoast-schema-graph\">{\"@context\":\"https:\\\/\\\/schema.org\",\"@graph\":[{\"@type\":\"WebPage\",\"@id\":\"https:\\\/\\\/mam.lesrazmockets.fr\\\/index.php\\\/les-liens-utiles-des-razmockets\\\/\",\"url\":\"https:\\\/\\\/mam.lesrazmockets.fr\\\/index.php\\\/les-liens-utiles-des-razmockets\\\/\",\"name\":\"Les liens utiles des Razmockets - MAM Les Razmockets\",\"isPartOf\":{\"@id\":\"https:\\\/\\\/mam.lesrazmockets.fr\\\/#website\"},\"datePublished\":\"2024-02-17T23:46:31+00:00\",\"dateModified\":\"2024-04-29T01:40:45+00:00\",\"description\":\"MAM Les Razmockets - Les liens utiles des Razmockets -\",\"breadcrumb\":{\"@id\":\"https:\\\/\\\/mam.lesrazmockets.fr\\\/index.php\\\/les-liens-utiles-des-razmockets\\\/#breadcrumb\"},\"inLanguage\":\"fr-FR\",\"potentialAction\":[{\"@type\":\"ReadAction\",\"target\":[\"https:\\\/\\\/mam.lesrazmockets.fr\\\/index.php\\\/les-liens-utiles-des-razmockets\\\/\"]}]},{\"@type\":\"BreadcrumbList\",\"@id\":\"https:\\\/\\\/mam.lesrazmockets.fr\\\/index.php\\\/les-liens-utiles-des-razmockets\\\/#breadcrumb\",\"itemListElement\":[{\"@type\":\"ListItem\",\"position\":1,\"name\":\"Accueil\",\"item\":\"https:\\\/\\\/mam.lesrazmockets.fr\\\/\"},{\"@type\":\"ListItem\",\"position\":2,\"name\":\"Les liens utiles des Razmockets\"}]},{\"@type\":\"WebSite\",\"@id\":\"https:\\\/\\\/mam.lesrazmockets.fr\\\/#website\",\"url\":\"https:\\\/\\\/mam.lesrazmockets.fr\\\/\",\"name\":\"MAM Les Razmockets\",\"description\":\"Faites garder vos enfants dans un lieu de vie, un espace socialisant, s\u00e9curisant et bienveillant, adapt\u00e9 \u00e0 100% aux enfants\",\"publisher\":{\"@id\":\"https:\\\/\\\/mam.lesrazmockets.fr\\\/#organization\"},\"alternateName\":\"garde enfant Fleury\",\"potentialAction\":[{\"@type\":\"SearchAction\",\"target\":{\"@type\":\"EntryPoint\",\"urlTemplate\":\"https:\\\/\\\/mam.lesrazmockets.fr\\\/?s={search_term_string}\"},\"query-input\":{\"@type\":\"PropertyValueSpecification\",\"valueRequired\":true,\"valueName\":\"search_term_string\"}}],\"inLanguage\":\"fr-FR\"},{\"@type\":\"Organization\",\"@id\":\"https:\\\/\\\/mam.lesrazmockets.fr\\\/#organization\",\"name\":\"MAM Les Razmockets\",\"alternateName\":\"Les Razmockets Fleury\",\"url\":\"https:\\\/\\\/mam.lesrazmockets.fr\\\/\",\"logo\":{\"@type\":\"ImageObject\",\"inLanguage\":\"fr-FR\",\"@id\":\"https:\\\/\\\/mam.lesrazmockets.fr\\\/#\\\/schema\\\/logo\\\/image\\\/\",\"url\":\"https:\\\/\\\/mam.lesrazmockets.fr\\\/wp-content\\\/uploads\\\/2024\\\/02\\\/LOGO-RAZMOCKETS-1.jpg\",\"contentUrl\":\"https:\\\/\\\/mam.lesrazmockets.fr\\\/wp-content\\\/uploads\\\/2024\\\/02\\\/LOGO-RAZMOCKETS-1.jpg\",\"width\":960,\"height\":959,\"caption\":\"MAM Les Razmockets\"},\"image\":{\"@id\":\"https:\\\/\\\/mam.lesrazmockets.fr\\\/#\\\/schema\\\/logo\\\/image\\\/\"},\"sameAs\":[\"https:\\\/\\\/www.facebook.com\\\/mamlesrazmockets\",\"https:\\\/\\\/www.instagram.com\\\/mamlesrazmockets\",\"https:\\\/\\\/www.pinterest.fr\\\/LesRazmockets11560\\\/\"]}]}<\/script>\n<!-- \/ Yoast SEO plugin. -->","yoast_head_json":{"title":"Les liens utiles des Razmockets - MAM Les Razmockets","description":"MAM Les Razmockets - Les liens utiles des Razmockets -","robots":{"index":"index","follow":"follow","max-snippet":"max-snippet:-1","max-image-preview":"max-image-preview:large","max-video-preview":"max-video-preview:-1"},"canonical":"https:\/\/mam.lesrazmockets.fr\/index.php\/les-liens-utiles-des-razmockets\/","og_locale":"fr_FR","og_type":"article","og_title":"Les liens utiles des Razmockets - MAM Les Razmockets","og_description":"MAM Les Razmockets - Les liens utiles des Razmockets -","og_url":"https:\/\/mam.lesrazmockets.fr\/index.php\/les-liens-utiles-des-razmockets\/","og_site_name":"MAM Les Razmockets","article_publisher":"https:\/\/www.facebook.com\/mamlesrazmockets","article_modified_time":"2024-04-29T01:40:45+00:00","og_image":[{"width":512,"height":341,"url":"https:\/\/mam.lesrazmockets.fr\/wp-content\/uploads\/2024\/02\/cropped-LOGO-RAZMOCKETS-1-edited.jpg","type":"image\/jpeg"}],"twitter_card":"summary_large_image","twitter_misc":{"Dur\u00e9e de lecture estim\u00e9e":"1 minute"},"schema":{"@context":"https:\/\/schema.org","@graph":[{"@type":"WebPage","@id":"https:\/\/mam.lesrazmockets.fr\/index.php\/les-liens-utiles-des-razmockets\/","url":"https:\/\/mam.lesrazmockets.fr\/index.php\/les-liens-utiles-des-razmockets\/","name":"Les liens utiles des Razmockets - MAM Les Razmockets","isPartOf":{"@id":"https:\/\/mam.lesrazmockets.fr\/#website"},"datePublished":"2024-02-17T23:46:31+00:00","dateModified":"2024-04-29T01:40:45+00:00","description":"MAM Les Razmockets - Les liens utiles des Razmockets -","breadcrumb":{"@id":"https:\/\/mam.lesrazmockets.fr\/index.php\/les-liens-utiles-des-razmockets\/#breadcrumb"},"inLanguage":"fr-FR","potentialAction":[{"@type":"ReadAction","target":["https:\/\/mam.lesrazmockets.fr\/index.php\/les-liens-utiles-des-razmockets\/"]}]},{"@type":"BreadcrumbList","@id":"https:\/\/mam.lesrazmockets.fr\/index.php\/les-liens-utiles-des-razmockets\/#breadcrumb","itemListElement":[{"@type":"ListItem","position":1,"name":"Accueil","item":"https:\/\/mam.lesrazmockets.fr\/"},{"@type":"ListItem","position":2,"name":"Les liens utiles des Razmockets"}]},{"@type":"WebSite","@id":"https:\/\/mam.lesrazmockets.fr\/#website","url":"https:\/\/mam.lesrazmockets.fr\/","name":"MAM Les Razmockets","description":"Faites garder vos enfants dans un lieu de vie, un espace socialisant, s\u00e9curisant et bienveillant, adapt\u00e9 \u00e0 100% aux enfants","publisher":{"@id":"https:\/\/mam.lesrazmockets.fr\/#organization"},"alternateName":"garde enfant Fleury","potentialAction":[{"@type":"SearchAction","target":{"@type":"EntryPoint","urlTemplate":"https:\/\/mam.lesrazmockets.fr\/?s={search_term_string}"},"query-input":{"@type":"PropertyValueSpecification","valueRequired":true,"valueName":"search_term_string"}}],"inLanguage":"fr-FR"},{"@type":"Organization","@id":"https:\/\/mam.lesrazmockets.fr\/#organization","name":"MAM Les Razmockets","alternateName":"Les Razmockets Fleury","url":"https:\/\/mam.lesrazmockets.fr\/","logo":{"@type":"ImageObject","inLanguage":"fr-FR","@id":"https:\/\/mam.lesrazmockets.fr\/#\/schema\/logo\/image\/","url":"https:\/\/mam.lesrazmockets.fr\/wp-content\/uploads\/2024\/02\/LOGO-RAZMOCKETS-1.jpg","contentUrl":"https:\/\/mam.lesrazmockets.fr\/wp-content\/uploads\/2024\/02\/LOGO-RAZMOCKETS-1.jpg","width":960,"height":959,"caption":"MAM Les Razmockets"},"image":{"@id":"https:\/\/mam.lesrazmockets.fr\/#\/schema\/logo\/image\/"},"sameAs":["https:\/\/www.facebook.com\/mamlesrazmockets","https:\/\/www.instagram.com\/mamlesrazmockets","https:\/\/www.pinterest.fr\/LesRazmockets11560\/"]}]}},"_links":{"self":[{"href":"https:\/\/mam.lesrazmockets.fr\/index.php\/wp-json\/wp\/v2\/pages\/284","targetHints":{"allow":["GET"]}}],"collection":[{"href":"https:\/\/mam.lesrazmockets.fr\/index.php\/wp-json\/wp\/v2\/pages"}],"about":[{"href":"https:\/\/mam.lesrazmockets.fr\/index.php\/wp-json\/wp\/v2\/types\/page"}],"author":[{"embeddable":true,"href":"https:\/\/mam.lesrazmockets.fr\/index.php\/wp-json\/wp\/v2\/users\/2"}],"replies":[{"embeddable":true,"href":"https:\/\/mam.lesrazmockets.fr\/index.php\/wp-json\/wp\/v2\/comments?post=284"}],"version-history":[{"count":9,"href":"https:\/\/mam.lesrazmockets.fr\/index.php\/wp-json\/wp\/v2\/pages\/284\/revisions"}],"predecessor-version":[{"id":380,"href":"https:\/\/mam.lesrazmockets.fr\/index.php\/wp-json\/wp\/v2\/pages\/284\/revisions\/380"}],"wp:attachment":[{"href":"https:\/\/mam.lesrazmockets.fr\/index.php\/wp-json\/wp\/v2\/media?parent=284"}],"curies":[{"name":"wp","href":"https:\/\/api.w.org\/{rel}","templated":true}]}}