{"id":2,"date":"2024-02-09T16:37:29","date_gmt":"2024-02-09T15:37:29","guid":{"rendered":"https:\/\/mam.lesrazmockets.fr\/?page_id=2"},"modified":"2024-03-20T01:37:14","modified_gmt":"2024-03-20T00:37:14","slug":"a-propos","status":"publish","type":"page","link":"https:\/\/mam.lesrazmockets.fr\/index.php\/bon-a-savoir\/a-propos\/","title":{"rendered":"Les Razmockets !"},"content":{"rendered":"\n<p>La MAM Les Razmockets se situe sur la commune de Fleury d&rsquo;Aude et ouvrira ses portes d\u00e9but 2024.<\/p>\n\n\n\n<p>La MAM Les Razmockets est n\u00e9e de rencontres, de dialogues, d\u2019envies professionnelles communes et d\u2019une forte motivation d\u2019avancer ensemble.<\/p>\n\n\n\n<p>Chacun apporte sa pierre \u00e0 l&rsquo;\u00e9difice \u00e0 travers son savoir faire et son savoir \u00eatre, son exp\u00e9rience, ses envies. Tout cela fait de nous une \u00e9quipe soud\u00e9e, compl\u00e9mentaire et professionnelle.<\/p>\n\n\n\n<hr class=\"wp-block-separator has-alpha-channel-opacity\"\/>\n\n\n\n<div class=\"wp-block-media-text is-stacked-on-mobile\" style=\"grid-template-columns:47% auto\"><figure class=\"wp-block-media-text__media\"><img loading=\"lazy\" decoding=\"async\" width=\"1024\" height=\"768\" src=\"https:\/\/mam.lesrazmockets.fr\/wp-content\/uploads\/2024\/02\/equipe-1024x768.jpg\" alt=\"\u00c9quipe des AM de la MAM Les Razmockets\" class=\"wp-image-154 size-full\" srcset=\"https:\/\/mam.lesrazmockets.fr\/wp-content\/uploads\/2024\/02\/equipe-1024x768.jpg 1024w, https:\/\/mam.lesrazmockets.fr\/wp-content\/uploads\/2024\/02\/equipe-300x225.jpg 300w, https:\/\/mam.lesrazmockets.fr\/wp-content\/uploads\/2024\/02\/equipe-768x576.jpg 768w, https:\/\/mam.lesrazmockets.fr\/wp-content\/uploads\/2024\/02\/equipe-1536x1152.jpg 1536w, https:\/\/mam.lesrazmockets.fr\/wp-content\/uploads\/2024\/02\/equipe.jpg 2000w\" sizes=\"auto, (max-width: 1024px) 100vw, 1024px\" \/><\/figure><div class=\"wp-block-media-text__content\">\n<p class=\"has-text-align-left\">L&rsquo;\u00e9quipe des Razmockets est compos\u00e9e de quatre assistants maternels:<br>\u2013 Laura Deloge (29 ans \u00e0 l&rsquo;ouverture)<br>\u2013 Aur\u00e9lie Pla (39 ans \u00e0 l&rsquo;ouverture)<br>\u2013 Lucia Mercier (38 ans \u00e0 l&rsquo;ouverture)<br>\u2013 Yann Mercier (48 ans \u00e0 l&rsquo;ouverture)<\/p>\n<\/div><\/div>\n\n\n\n<hr class=\"wp-block-separator has-alpha-channel-opacity\"\/>\n\n\n\n<p class=\"has-medium-font-size\" style=\"padding-top:var(--wp--preset--spacing--20);padding-bottom:var(--wp--preset--spacing--20)\">Voici une courte pr\u00e9sentaion de chacun d&rsquo;entre nous&nbsp;:<\/p>\n\n\n\n<p class=\"has-text-align-right\" style=\"padding-top:var(--wp--preset--spacing--30)\">Commen\u00e7ons par la plus jeune d&rsquo;entre nous (vraiment) :<\/p>\n\n\n\n<blockquote class=\"wp-block-quote is-layout-flow wp-block-quote-is-layout-flow\">\n<div class=\"wp-block-media-text is-stacked-on-mobile\"><figure class=\"wp-block-media-text__media\"><img loading=\"lazy\" decoding=\"async\" width=\"594\" height=\"592\" src=\"https:\/\/mam.lesrazmockets.fr\/wp-content\/uploads\/2024\/02\/Laura-DELOGE-01.jpg\" alt=\"Laura\" class=\"wp-image-175 size-full\" srcset=\"https:\/\/mam.lesrazmockets.fr\/wp-content\/uploads\/2024\/02\/Laura-DELOGE-01.jpg 594w, https:\/\/mam.lesrazmockets.fr\/wp-content\/uploads\/2024\/02\/Laura-DELOGE-01-300x300.jpg 300w, https:\/\/mam.lesrazmockets.fr\/wp-content\/uploads\/2024\/02\/Laura-DELOGE-01-150x150.jpg 150w\" sizes=\"auto, (max-width: 594px) 100vw, 594px\" \/><\/figure><div class=\"wp-block-media-text__content\">\n<p style=\"font-size:clamp(0.875rem, 0.875rem + ((1vw - 0.2rem) * 0.625), 1.25rem);\">Titulaire d&rsquo;un dipl\u00f4me issu de la petite enfance et form\u00e9e \u00e0 la langue des signes fran\u00e7aise, je suis assistante maternelle depuis 2 ans.<\/p>\n\n\n\n<p style=\"font-size:clamp(0.875rem, 0.875rem + ((1vw - 0.2rem) * 0.625), 1.25rem);\">Je suis aussi une maman de deux enfants et suis \u00e2g\u00e9e de 30 ans.<\/p>\n<\/div><\/div>\n<cite>Laura DELOGE<\/cite><\/blockquote>\n\n\n\n<hr class=\"wp-block-separator has-alpha-channel-opacity\"\/>\n\n\n\n<p class=\"has-text-align-right\" style=\"padding-top:var(--wp--preset--spacing--30)\">\u2026 La plus jeune d&rsquo;entre nous (oui, encore <strong>\u263a<\/strong>&#8230;)&nbsp;:<\/p>\n\n\n\n<blockquote class=\"wp-block-quote is-layout-flow wp-block-quote-is-layout-flow\">\n<div class=\"wp-block-media-text is-stacked-on-mobile\"><figure class=\"wp-block-media-text__media\"><img loading=\"lazy\" decoding=\"async\" width=\"969\" height=\"969\" src=\"https:\/\/mam.lesrazmockets.fr\/wp-content\/uploads\/2024\/02\/Aurelie-PLA-01.jpg\" alt=\"Aur\u00e9lie\" class=\"wp-image-174 size-full\" srcset=\"https:\/\/mam.lesrazmockets.fr\/wp-content\/uploads\/2024\/02\/Aurelie-PLA-01.jpg 969w, https:\/\/mam.lesrazmockets.fr\/wp-content\/uploads\/2024\/02\/Aurelie-PLA-01-300x300.jpg 300w, https:\/\/mam.lesrazmockets.fr\/wp-content\/uploads\/2024\/02\/Aurelie-PLA-01-150x150.jpg 150w, https:\/\/mam.lesrazmockets.fr\/wp-content\/uploads\/2024\/02\/Aurelie-PLA-01-768x768.jpg 768w\" sizes=\"auto, (max-width: 969px) 100vw, 969px\" \/><\/figure><div class=\"wp-block-media-text__content\">\n<p style=\"font-size:clamp(0.875rem, 0.875rem + ((1vw - 0.2rem) * 0.625), 1.25rem);\">Assistante maternelle depuis plus de 12 ans, je me suis form\u00e9e \u00e0 la pratique du yoga pour les petits.<\/p>\n\n\n\n<p style=\"font-size:clamp(0.875rem, 0.875rem + ((1vw - 0.2rem) * 0.625), 1.25rem);\">\u00c2g\u00e9e de 40 ans, je suis la maman de trois enfants.<\/p>\n<\/div><\/div>\n<cite>Aur\u00e9lie PLA<\/cite><\/blockquote>\n\n\n\n<hr class=\"wp-block-separator has-alpha-channel-opacity\"\/>\n\n\n\n<p class=\"has-text-align-right\" style=\"padding-top:var(--wp--preset--spacing--30)\">\u2026La plus sage d&rsquo;entre nous (mais &#8211; elle aussi &#8211; la plus jeune <strong>\u263a<\/strong>) :<\/p>\n\n\n\n<blockquote class=\"wp-block-quote is-layout-flow wp-block-quote-is-layout-flow\">\n<div class=\"wp-block-media-text is-stacked-on-mobile\"><figure class=\"wp-block-media-text__media\"><img loading=\"lazy\" decoding=\"async\" width=\"589\" height=\"589\" src=\"https:\/\/mam.lesrazmockets.fr\/wp-content\/uploads\/2024\/02\/Lucia-MERCIER-02-e1708063718297.jpg\" alt=\"Lucia\" class=\"wp-image-171 size-full\" srcset=\"https:\/\/mam.lesrazmockets.fr\/wp-content\/uploads\/2024\/02\/Lucia-MERCIER-02-e1708063718297.jpg 589w, https:\/\/mam.lesrazmockets.fr\/wp-content\/uploads\/2024\/02\/Lucia-MERCIER-02-e1708063718297-300x300.jpg 300w, https:\/\/mam.lesrazmockets.fr\/wp-content\/uploads\/2024\/02\/Lucia-MERCIER-02-e1708063718297-150x150.jpg 150w\" sizes=\"auto, (max-width: 589px) 100vw, 589px\" \/><\/figure><div class=\"wp-block-media-text__content\">\n<p style=\"font-size:clamp(0.875rem, 0.875rem + ((1vw - 0.2rem) * 0.625), 1.25rem);\">Form\u00e9e \u00e0 l&rsquo;approche Snoezelen et \u00e0 la p\u00e9dagogie Mont\u00e9ssori pour les 0-3 ans, j&rsquo;exerce depuis 12 ans.<\/p>\n\n\n\n<p style=\"font-size:clamp(0.875rem, 0.875rem + ((1vw - 0.2rem) * 0.625), 1.25rem);\">Je suis une maman de 37 ans et une assitante maternelle agr\u00e9e depuis 12 ans.<\/p>\n<\/div><\/div>\n<cite>Lucia MERCIER<\/cite><\/blockquote>\n\n\n\n<hr class=\"wp-block-separator has-alpha-channel-opacity\"\/>\n\n\n\n<p class=\"has-text-align-right\" style=\"padding-top:var(--wp--preset--spacing--30)\">\u2026Et enfin, celui dont le regard porte la lueur d\u2019innombrables aurores v\u00e9cues<br>et qui a ainsi pu accumuler la sagesse n\u00e9cessaire \u00e0 un homme<br>(pour travailler au milieu de femmes)&nbsp;:<\/p>\n\n\n\n<blockquote class=\"wp-block-quote is-layout-flow wp-block-quote-is-layout-flow\">\n<div class=\"wp-block-media-text is-stacked-on-mobile\"><figure class=\"wp-block-media-text__media\"><img loading=\"lazy\" decoding=\"async\" width=\"544\" height=\"544\" src=\"https:\/\/mam.lesrazmockets.fr\/wp-content\/uploads\/2024\/02\/Yann-MERCIER-02-e1708063762938.jpg\" alt=\"Yann\" class=\"wp-image-173 size-full\" srcset=\"https:\/\/mam.lesrazmockets.fr\/wp-content\/uploads\/2024\/02\/Yann-MERCIER-02-e1708063762938.jpg 544w, https:\/\/mam.lesrazmockets.fr\/wp-content\/uploads\/2024\/02\/Yann-MERCIER-02-e1708063762938-300x300.jpg 300w, https:\/\/mam.lesrazmockets.fr\/wp-content\/uploads\/2024\/02\/Yann-MERCIER-02-e1708063762938-150x150.jpg 150w\" sizes=\"auto, (max-width: 544px) 100vw, 544px\" \/><\/figure><div class=\"wp-block-media-text__content\">\n<p style=\"font-size:clamp(0.875rem, 0.875rem + ((1vw - 0.2rem) * 0.625), 1.25rem);\">Form\u00e9 sur le d\u00e9veloppement psychomoteur du jeune enfant et ses vuln\u00e9rabilit\u00e9s qui peuvent g\u00eaner la libert\u00e9 du mouvement.<\/p>\n\n\n\n<p style=\"font-size:clamp(0.875rem, 0.875rem + ((1vw - 0.2rem) * 0.625), 1.25rem);\">Papa de 48 ans, asssitant maternel depuis 2 ans et fonctionnaire de police.<\/p>\n<\/div><\/div>\n<cite>Yann MERCIER<\/cite><\/blockquote>\n\n\n\n<hr class=\"wp-block-separator has-alpha-channel-opacity\"\/>\n","protected":false},"excerpt":{"rendered":"<p>La MAM Les Razmockets se situe sur la commune de Fleury d&rsquo;Aude et ouvrira ses portes d\u00e9but 2024. La MAM Les Razmockets est n\u00e9e de rencontres, de dialogues, d\u2019envies professionnelles communes et d\u2019une forte motivation d\u2019avancer ensemble. Chacun apporte sa pierre \u00e0 l&rsquo;\u00e9difice \u00e0 travers son savoir faire et son savoir \u00eatre, son exp\u00e9rience, ses [&hellip;]<\/p>\n","protected":false},"author":2,"featured_media":0,"parent":166,"menu_order":0,"comment_status":"closed","ping_status":"closed","template":"","meta":{"footnotes":""},"class_list":["post-2","page","type-page","status-publish","hentry"],"yoast_head":"<!-- This site is optimized with the Yoast SEO plugin v27.4 - https:\/\/yoast.com\/product\/yoast-seo-wordpress\/ -->\n<title>Les Razmockets ! - MAM Les Razmockets<\/title>\n<meta name=\"description\" content=\"MAM Les Razmockets - Les Razmockets ! -\" \/>\n<meta name=\"robots\" content=\"index, follow, max-snippet:-1, max-image-preview:large, max-video-preview:-1\" \/>\n<link rel=\"canonical\" href=\"https:\/\/mam.lesrazmockets.fr\/index.php\/bon-a-savoir\/a-propos\/\" \/>\n<meta property=\"og:locale\" content=\"fr_FR\" \/>\n<meta property=\"og:type\" content=\"article\" \/>\n<meta property=\"og:title\" content=\"Les Razmockets ! - MAM Les Razmockets\" \/>\n<meta property=\"og:description\" content=\"MAM Les Razmockets - Les Razmockets ! -\" \/>\n<meta property=\"og:url\" content=\"https:\/\/mam.lesrazmockets.fr\/index.php\/bon-a-savoir\/a-propos\/\" \/>\n<meta property=\"og:site_name\" content=\"MAM Les Razmockets\" \/>\n<meta property=\"article:publisher\" content=\"https:\/\/www.facebook.com\/mamlesrazmockets\" \/>\n<meta property=\"article:modified_time\" content=\"2024-03-20T00:37:14+00:00\" \/>\n<meta property=\"og:image\" content=\"https:\/\/mam.lesrazmockets.fr\/wp-content\/uploads\/2024\/02\/cropped-LOGO-RAZMOCKETS-1-edited.jpg\" \/>\n\t<meta property=\"og:image:width\" content=\"512\" \/>\n\t<meta property=\"og:image:height\" content=\"341\" \/>\n\t<meta property=\"og:image:type\" content=\"image\/jpeg\" \/>\n<meta name=\"twitter:card\" content=\"summary_large_image\" \/>\n<meta name=\"twitter:label1\" content=\"Dur\u00e9e de lecture estim\u00e9e\" \/>\n\t<meta name=\"twitter:data1\" content=\"1 minute\" \/>\n<script type=\"application\/ld+json\" class=\"yoast-schema-graph\">{\"@context\":\"https:\\\/\\\/schema.org\",\"@graph\":[{\"@type\":\"WebPage\",\"@id\":\"https:\\\/\\\/mam.lesrazmockets.fr\\\/index.php\\\/bon-a-savoir\\\/a-propos\\\/\",\"url\":\"https:\\\/\\\/mam.lesrazmockets.fr\\\/index.php\\\/bon-a-savoir\\\/a-propos\\\/\",\"name\":\"Les Razmockets ! - MAM Les Razmockets\",\"isPartOf\":{\"@id\":\"https:\\\/\\\/mam.lesrazmockets.fr\\\/#website\"},\"datePublished\":\"2024-02-09T15:37:29+00:00\",\"dateModified\":\"2024-03-20T00:37:14+00:00\",\"description\":\"MAM Les Razmockets - Les Razmockets ! -\",\"breadcrumb\":{\"@id\":\"https:\\\/\\\/mam.lesrazmockets.fr\\\/index.php\\\/bon-a-savoir\\\/a-propos\\\/#breadcrumb\"},\"inLanguage\":\"fr-FR\",\"potentialAction\":[{\"@type\":\"ReadAction\",\"target\":[\"https:\\\/\\\/mam.lesrazmockets.fr\\\/index.php\\\/bon-a-savoir\\\/a-propos\\\/\"]}]},{\"@type\":\"BreadcrumbList\",\"@id\":\"https:\\\/\\\/mam.lesrazmockets.fr\\\/index.php\\\/bon-a-savoir\\\/a-propos\\\/#breadcrumb\",\"itemListElement\":[{\"@type\":\"ListItem\",\"position\":1,\"name\":\"Accueil\",\"item\":\"https:\\\/\\\/mam.lesrazmockets.fr\\\/\"},{\"@type\":\"ListItem\",\"position\":2,\"name\":\"L&rsquo;essentiel dela MAM Les Razmockets\",\"item\":\"https:\\\/\\\/mam.lesrazmockets.fr\\\/index.php\\\/bon-a-savoir\\\/\"},{\"@type\":\"ListItem\",\"position\":3,\"name\":\"Les Razmockets !\"}]},{\"@type\":\"WebSite\",\"@id\":\"https:\\\/\\\/mam.lesrazmockets.fr\\\/#website\",\"url\":\"https:\\\/\\\/mam.lesrazmockets.fr\\\/\",\"name\":\"MAM Les Razmockets\",\"description\":\"Faites garder vos enfants dans un lieu de vie, un espace socialisant, s\u00e9curisant et bienveillant, adapt\u00e9 \u00e0 100% aux enfants\",\"publisher\":{\"@id\":\"https:\\\/\\\/mam.lesrazmockets.fr\\\/#organization\"},\"alternateName\":\"garde enfant Fleury\",\"potentialAction\":[{\"@type\":\"SearchAction\",\"target\":{\"@type\":\"EntryPoint\",\"urlTemplate\":\"https:\\\/\\\/mam.lesrazmockets.fr\\\/?s={search_term_string}\"},\"query-input\":{\"@type\":\"PropertyValueSpecification\",\"valueRequired\":true,\"valueName\":\"search_term_string\"}}],\"inLanguage\":\"fr-FR\"},{\"@type\":\"Organization\",\"@id\":\"https:\\\/\\\/mam.lesrazmockets.fr\\\/#organization\",\"name\":\"MAM Les Razmockets\",\"alternateName\":\"Les Razmockets Fleury\",\"url\":\"https:\\\/\\\/mam.lesrazmockets.fr\\\/\",\"logo\":{\"@type\":\"ImageObject\",\"inLanguage\":\"fr-FR\",\"@id\":\"https:\\\/\\\/mam.lesrazmockets.fr\\\/#\\\/schema\\\/logo\\\/image\\\/\",\"url\":\"https:\\\/\\\/mam.lesrazmockets.fr\\\/wp-content\\\/uploads\\\/2024\\\/02\\\/LOGO-RAZMOCKETS-1.jpg\",\"contentUrl\":\"https:\\\/\\\/mam.lesrazmockets.fr\\\/wp-content\\\/uploads\\\/2024\\\/02\\\/LOGO-RAZMOCKETS-1.jpg\",\"width\":960,\"height\":959,\"caption\":\"MAM Les Razmockets\"},\"image\":{\"@id\":\"https:\\\/\\\/mam.lesrazmockets.fr\\\/#\\\/schema\\\/logo\\\/image\\\/\"},\"sameAs\":[\"https:\\\/\\\/www.facebook.com\\\/mamlesrazmockets\",\"https:\\\/\\\/www.instagram.com\\\/mamlesrazmockets\",\"https:\\\/\\\/www.pinterest.fr\\\/LesRazmockets11560\\\/\"]}]}<\/script>\n<!-- \/ Yoast SEO plugin. -->","yoast_head_json":{"title":"Les Razmockets ! - MAM Les Razmockets","description":"MAM Les Razmockets - Les Razmockets ! -","robots":{"index":"index","follow":"follow","max-snippet":"max-snippet:-1","max-image-preview":"max-image-preview:large","max-video-preview":"max-video-preview:-1"},"canonical":"https:\/\/mam.lesrazmockets.fr\/index.php\/bon-a-savoir\/a-propos\/","og_locale":"fr_FR","og_type":"article","og_title":"Les Razmockets ! - MAM Les Razmockets","og_description":"MAM Les Razmockets - Les Razmockets ! -","og_url":"https:\/\/mam.lesrazmockets.fr\/index.php\/bon-a-savoir\/a-propos\/","og_site_name":"MAM Les Razmockets","article_publisher":"https:\/\/www.facebook.com\/mamlesrazmockets","article_modified_time":"2024-03-20T00:37:14+00:00","og_image":[{"width":512,"height":341,"url":"https:\/\/mam.lesrazmockets.fr\/wp-content\/uploads\/2024\/02\/cropped-LOGO-RAZMOCKETS-1-edited.jpg","type":"image\/jpeg"}],"twitter_card":"summary_large_image","twitter_misc":{"Dur\u00e9e de lecture estim\u00e9e":"1 minute"},"schema":{"@context":"https:\/\/schema.org","@graph":[{"@type":"WebPage","@id":"https:\/\/mam.lesrazmockets.fr\/index.php\/bon-a-savoir\/a-propos\/","url":"https:\/\/mam.lesrazmockets.fr\/index.php\/bon-a-savoir\/a-propos\/","name":"Les Razmockets ! - MAM Les Razmockets","isPartOf":{"@id":"https:\/\/mam.lesrazmockets.fr\/#website"},"datePublished":"2024-02-09T15:37:29+00:00","dateModified":"2024-03-20T00:37:14+00:00","description":"MAM Les Razmockets - Les Razmockets ! -","breadcrumb":{"@id":"https:\/\/mam.lesrazmockets.fr\/index.php\/bon-a-savoir\/a-propos\/#breadcrumb"},"inLanguage":"fr-FR","potentialAction":[{"@type":"ReadAction","target":["https:\/\/mam.lesrazmockets.fr\/index.php\/bon-a-savoir\/a-propos\/"]}]},{"@type":"BreadcrumbList","@id":"https:\/\/mam.lesrazmockets.fr\/index.php\/bon-a-savoir\/a-propos\/#breadcrumb","itemListElement":[{"@type":"ListItem","position":1,"name":"Accueil","item":"https:\/\/mam.lesrazmockets.fr\/"},{"@type":"ListItem","position":2,"name":"L&rsquo;essentiel dela MAM Les Razmockets","item":"https:\/\/mam.lesrazmockets.fr\/index.php\/bon-a-savoir\/"},{"@type":"ListItem","position":3,"name":"Les Razmockets !"}]},{"@type":"WebSite","@id":"https:\/\/mam.lesrazmockets.fr\/#website","url":"https:\/\/mam.lesrazmockets.fr\/","name":"MAM Les Razmockets","description":"Faites garder vos enfants dans un lieu de vie, un espace socialisant, s\u00e9curisant et bienveillant, adapt\u00e9 \u00e0 100% aux enfants","publisher":{"@id":"https:\/\/mam.lesrazmockets.fr\/#organization"},"alternateName":"garde enfant Fleury","potentialAction":[{"@type":"SearchAction","target":{"@type":"EntryPoint","urlTemplate":"https:\/\/mam.lesrazmockets.fr\/?s={search_term_string}"},"query-input":{"@type":"PropertyValueSpecification","valueRequired":true,"valueName":"search_term_string"}}],"inLanguage":"fr-FR"},{"@type":"Organization","@id":"https:\/\/mam.lesrazmockets.fr\/#organization","name":"MAM Les Razmockets","alternateName":"Les Razmockets Fleury","url":"https:\/\/mam.lesrazmockets.fr\/","logo":{"@type":"ImageObject","inLanguage":"fr-FR","@id":"https:\/\/mam.lesrazmockets.fr\/#\/schema\/logo\/image\/","url":"https:\/\/mam.lesrazmockets.fr\/wp-content\/uploads\/2024\/02\/LOGO-RAZMOCKETS-1.jpg","contentUrl":"https:\/\/mam.lesrazmockets.fr\/wp-content\/uploads\/2024\/02\/LOGO-RAZMOCKETS-1.jpg","width":960,"height":959,"caption":"MAM Les Razmockets"},"image":{"@id":"https:\/\/mam.lesrazmockets.fr\/#\/schema\/logo\/image\/"},"sameAs":["https:\/\/www.facebook.com\/mamlesrazmockets","https:\/\/www.instagram.com\/mamlesrazmockets","https:\/\/www.pinterest.fr\/LesRazmockets11560\/"]}]}},"_links":{"self":[{"href":"https:\/\/mam.lesrazmockets.fr\/index.php\/wp-json\/wp\/v2\/pages\/2","targetHints":{"allow":["GET"]}}],"collection":[{"href":"https:\/\/mam.lesrazmockets.fr\/index.php\/wp-json\/wp\/v2\/pages"}],"about":[{"href":"https:\/\/mam.lesrazmockets.fr\/index.php\/wp-json\/wp\/v2\/types\/page"}],"author":[{"embeddable":true,"href":"https:\/\/mam.lesrazmockets.fr\/index.php\/wp-json\/wp\/v2\/users\/2"}],"replies":[{"embeddable":true,"href":"https:\/\/mam.lesrazmockets.fr\/index.php\/wp-json\/wp\/v2\/comments?post=2"}],"version-history":[{"count":10,"href":"https:\/\/mam.lesrazmockets.fr\/index.php\/wp-json\/wp\/v2\/pages\/2\/revisions"}],"predecessor-version":[{"id":233,"href":"https:\/\/mam.lesrazmockets.fr\/index.php\/wp-json\/wp\/v2\/pages\/2\/revisions\/233"}],"up":[{"embeddable":true,"href":"https:\/\/mam.lesrazmockets.fr\/index.php\/wp-json\/wp\/v2\/pages\/166"}],"wp:attachment":[{"href":"https:\/\/mam.lesrazmockets.fr\/index.php\/wp-json\/wp\/v2\/media?parent=2"}],"curies":[{"name":"wp","href":"https:\/\/api.w.org\/{rel}","templated":true}]}}